{"id":246,"date":"2022-02-17T22:04:15","date_gmt":"2022-02-17T22:04:15","guid":{"rendered":"http:\/\/gvi.com.mx\/2013\/?page_id=246"},"modified":"2022-02-21T03:32:24","modified_gmt":"2022-02-21T03:32:24","slug":"aviso-de-privacidad","status":"publish","type":"page","link":"http:\/\/gvi.com.mx\/2013\/aviso-de-privacidad\/","title":{"rendered":"Aviso de privacidad"},"content":{"rendered":"<section class=\"wpb-content-wrapper\"><p>[vc_row][vc_column]<div id=\"cz_47903\" class=\"cz_47903 cz_title clr cz_title_pos_inline\"><div class=\"cz_title_content\"><div class=\"cz_wpe_content\"><h3>Aviso de privacidad<\/h3>\n<\/div><\/div><\/div>[vc_column_text]<\/p>\n<p class=\"p1\">De conformidad con lo establecido en la LEY FEDERAL DE PROTECCION DE DATOS PERSONALES EN POSESI\u00d3N DE PARTICULARES, el sitio web a trav\u00e9s de su Titular<span class=\"Apple-converted-space\">\u00a0 <\/span>se compromete a adoptar las medidas necesarias que est\u00e9n a su alcance para asegurar la privacidad de los datos personales recabados en forma que se garantice la seguridad, se evite su alteraci\u00f3n, p\u00e9rdida o tratamiento no autorizado.<\/p>\n<p class=\"p1\">Adem\u00e1s a efecto de dar cumplimiento a lo establecido en la LEY FEDERAL DE PROTECCION DE DATOS PERSONALES<span class=\"Apple-converted-space\">\u00a0 <\/span>EN POSESION DE PARTICULARES, todo dato personal<span class=\"Apple-converted-space\">\u00a0 <\/span>que sea recabado a trav\u00e9s del sitio web ser\u00e1 tratado de conformidad con los principios de licitud calidad, lealtad y responsabilidad. Todo<span class=\"Apple-converted-space\">\u00a0 <\/span>tratamiento de datos personales<span class=\"Apple-converted-space\">\u00a0 <\/span>quedar\u00e1 sujeto al consentimiento de su Titular y la utilizaci\u00f3n de sus datos financieros o patrimoniales requerir\u00e1n de autorizaci\u00f3n expresa de sus titulares, no obstante esto podr\u00e1 darse a trav\u00e9s del<span class=\"Apple-converted-space\">\u00a0 <\/span>propio sitio web utilizando los mecanismos habilitados para tal efecto<span class=\"Apple-converted-space\">\u00a0 <\/span>y en todo caso con la mayor diligencia y cuidado a este tipo de datos.<span class=\"Apple-converted-space\">\u00a0<\/span><\/p>\n<p class=\"p1\">El tratamiento de datos personales se limitar\u00e1<span class=\"Apple-converted-space\">\u00a0 <\/span>a el cumplimiento de las finalidades previstas en el aviso de privacidad.<\/p>\n<p class=\"p1\">Por otra parte el acceso al sitio web puede implicar la utilizaci\u00f3n de cookies. Las cookies<span class=\"Apple-converted-space\">\u00a0 <\/span>facilitan la navegaci\u00f3n, la hacen mas amigable y no da\u00f1an el dispositivo de navegaci\u00f3n.<span class=\"Apple-converted-space\">\u00a0<\/span><\/p>\n<p class=\"p1\">El Titular del Sitio web es propietario de los derechos de propiedad intelectual e industrial del sitio web<span class=\"Apple-converted-space\">\u00a0 <\/span>entendiendo por este el c\u00f3digo fuente que hace posible su funcionamiento, as\u00ed como las im\u00e1genes, archivos de audio o video, logotipos, marcas combinaciones de colores, estructura, dise\u00f1o y dem\u00e1s elementos que lo distinguen.<span class=\"Apple-converted-space\">\u00a0<\/span><\/p>\n<p class=\"p1\">En caso de que el USUARIO o alg\u00fan tercero consideren que cualquiera de los contenidos del sitio web suponga una violaci\u00f3n<span class=\"Apple-converted-space\">\u00a0 <\/span>de los derechos de protecci\u00f3n de la propiedad industrial o intelectual, deber\u00e1 comunicarlo inmediatamente a trav\u00e9s de los datos de contacto disponibles en la p\u00e1gina web.<span class=\"Apple-converted-space\">\u00a0<\/span><\/p>\n<p class=\"p1\"><b>LEGISLACION APLICABLE<\/b><\/p>\n<p class=\"p1\">El titular del sitio web<span class=\"Apple-converted-space\">\u00a0 <\/span>a trav\u00e9s de su Titular se reserva el derecho de presentar acciones civiles o penales que considere necesarias por la utilizaci\u00f3n indebida del sitio web sus contenidos, productos o servicios, o por el incumplimiento de los<span class=\"Apple-converted-space\">\u00a0 <\/span>presentes TERMINOS Y CONDICIONES.<\/p>\n<p class=\"p1\">La relaci\u00f3n entre USUARIO<span class=\"Apple-converted-space\">\u00a0 <\/span>y sitio web se regir\u00e1 por la legislaci\u00f3n vigente en M\u00e9xico, espec\u00edficamente en Guadalajara, Jalisco.<span class=\"Apple-converted-space\">\u00a0 <\/span>De surgir cualquier controversia<span class=\"Apple-converted-space\">\u00a0 <\/span>en relaci\u00f3n a la interpretaci\u00f3n o aplicaci\u00f3n<span class=\"Apple-converted-space\">\u00a0 <\/span>de \u00e9stos t\u00e9rminos y condiciones las partes se someter\u00e1n a la jurisdicci\u00f3n ordinaria de los Tribunales de dicha ciudad.<span class=\"Apple-converted-space\">\u00a0<\/span><\/p>\n<p class=\"p2\"><span class=\"Apple-converted-space\">\u00a0<\/span><\/p>\n<p class=\"p1\"><b>REGISTRO Y CUENTA<\/b><\/p>\n<p class=\"p3\">La persona<span class=\"Apple-converted-space\">\u00a0 <\/span>quiera usar los servicios del sitio web, deber\u00e1 completar el formulario de registro con los datos que le sean requeridos. Al completarlo, se compromete a hacerlo de manera exacta, precisa y verdadera y a mantener sus datos siempre actualizados. La Persona Usuaria ser\u00e1 la \u00fanica responsable de la certeza de sus datos de registro.<span class=\"Apple-converted-space\">\u00a0<\/span><\/p>\n<p class=\"p5\">Sin perjuicio de la informaci\u00f3n brindada en el formulario, podremos solicitar y\/o consultar informaci\u00f3n adicional para corroborar la identidad de la Persona Usuaria.<\/p>\n<p class=\"p5\">La cuenta es personal, \u00fanica e intransferible, es decir que bajo ning\u00fan concepto se podr\u00e1 vender o ceder a otra persona. Se accede a ella con la clave personal de seguridad que haya elegido y que deber\u00e1 mantener bajo estricta confidencialidad. En tal raz\u00f3n, el usuario ser\u00e1 la \u00fanica persona<span class=\"Apple-converted-space\">\u00a0 <\/span>responsable por las operaciones que se realicen en su cuenta. En caso de detectar un uso no autorizado de su cuenta,deber\u00e1 notificar de forma inmediata a emprender y contar.<\/p>\n<p class=\"p5\">Se podr\u00e1 rechazar una solicitud de registro o bien cancelar el mismo ya aceptado, sin que esto genere derecho a un resarcimiento. No podr\u00e1n registrarse nuevamente en el sitio las personas usuarias que hayan sido inhabilitadas previamente. Tampoco podr\u00e1n registrarse quienes est\u00e9n incluidos o relacionados a personas incluidas en listas nacionales o internacionales de sanciones.<\/p>\n<p class=\"p5\">Adem\u00e1s, en caso de detectar el uso de m\u00e1s de una cuenta, podremos aplicar retenciones, d\u00e9bitos y\/o cualquier otra medida si consideramos que ese accionar puede perjudicar al resto de las personas que usan el Sitio o a Emprender y Contar, m\u00e1s all\u00e1 de las sanciones que pudieran corresponder.<\/p>\n<p class=\"p5\"><b><span class=\"Apple-converted-space\">\u00a0<\/span>SANCIONES<\/b><\/p>\n<p class=\"p3\">En caso que la Persona Usuaria incumpliera una ley o los T\u00e9rminos y Condiciones, podremos advertir, suspender, restringir o inhabilitar temporal o definitivamente su cuenta, sin perjuicio de otras sanciones que se establezcan en las reglas de uso particulares de nuestros servicios.<\/p>\n<p class=\"p6\"><b><span class=\"Apple-converted-space\">\u00a0<\/span>RESPONSABILIDAD<\/b><\/p>\n<p class=\"p3\">Emprender y contar, ser\u00e1 responsable por cualquier defecto en la prestaci\u00f3n de su servicio, en la medida en que le sea imputable y con el alcance previsto en las leyes vigentes.<\/p>\n<p class=\"p7\">El usuario reconoce y acepta que:<\/p>\n<p class=\"p7\">(a) Asume todos los riesgos relativos a, o derivados de, el uso, consulta o acceso por su parte al sitio web. el sitio web se facilita \u00abcomo est\u00e1\u00bb y \u00abseg\u00fan disponibilidad\u00bb, sin garant\u00eda alguna;<br \/>\n(b) dentro de los l\u00edmites legales, emprender y contar<span class=\"Apple-converted-space\">\u00a0 <\/span>declina expresamente y en este acto, toda garant\u00eda o responsabilidad, expresa o impl\u00edcita, legal o de otro tipo, incluidas, entre otras: las garant\u00edas impl\u00edcitas de calidad satisfactoria, idoneidad para el uso concreto, prohibici\u00f3n de uso indebido y las habituales en la pr\u00e1ctica comercial o en las negociaciones en este sector; y<br \/>\n(c) aunque emprender y contar<span class=\"Apple-converted-space\">\u00a0 <\/span>tiene sistemas anti-virus y adopta medidas de seguridad para proteger el sitio web y su contenido de todo tipo de ataques inform\u00e1ticos con el fin de reducir el nivel de riesgo, en este acto emprender y contar<span class=\"Apple-converted-space\">\u00a0 <\/span>declina expresamente toda garant\u00eda respecto a: (i) que el sitio web y su contenido estar\u00e1 siempre libre de errores o virus o no sufrir\u00e1 nunca ataques de terceros; (ii) el funcionamiento ininterrumpido y siempre seguro del sitio web; (iii) la permanente disponibilidad del sitio; (iv) que el sitio web cubra o no las necesidades del usuario; y (v) la fiabilidad, exactitud, integridad, validez o veracidad de la informaci\u00f3n facilitada por el usuario.<\/p>\n<p class=\"p7\"><b>LIMITACI\u00d3N DE RESPONSABILIDAD<\/b><\/p>\n<p class=\"p7\">El usuario acepta asumir todos los riesgos asociados con, o derivados de, el uso del sitio web o la informaci\u00f3n facilitada por el usuario, incluyendo, entre otros, los riesgos de p\u00e9rdidas econ\u00f3micas, los da\u00f1os a la propiedad y los gastos de negociaci\u00f3n con otros usuarios del sitio web (ya sean desconocidos, menores, extranjeros o personas que act\u00faan bajo falsa identidad). el usuario se compromete tambi\u00e9n a exonerar de toda responsabilidad a emprender y contar, a la empresa matriz y a las empresas subsidiarias y afiliadas de esta, as\u00ed como a los directivos, encargados, comerciales y empleados de todas ellas, frente a las reclamaciones, demandas o reclamaciones de indemnizaci\u00f3n por da\u00f1os y perjuicios (directos, indirectos y sobrevenidos) de cualquier tipo, conocidas o no, que puedan interponerse con base en, o que se deriven del uso del sitio web, la informaci\u00f3n facilitada por el usuario o las transacciones que se produzcan como resultado del uso del sitio web por parte del usuario.<br \/>\nSiempre dentro de los l\u00edmites legales, el usuario asume y acepta que en ning\u00fan caso, ni emprender y contar, ni su empresa matriz, las empresas subsidiarias y afiliadas de esta, ni tampoco sus directivos, los comerciales, los empleados o los proveedores de todas ellas, asumir\u00e1n responsabilidad alguna por las p\u00e9rdidas o los da\u00f1os directos, indirectos o sobrevenidos (incluidos, entre otros, los da\u00f1os a la propiedad y los da\u00f1os puramente econ\u00f3micos), ni por lucro cesante, p\u00e9rdida de cartera de clientes, p\u00e9rdida de ingresos o de datos o por interrupci\u00f3n de uso, sea cual sea la causa que los haya provocado &#8211; incumplimiento contractual, responsabilidad extracontractual (incluida la negligencia) o incumplimiento de garant\u00eda-, incluso aunque emprender y contar hubiera sido advertida de la posibilidad de ocurrencia de dichas p\u00e9rdidas o da\u00f1os.<span class=\"Apple-converted-space\">\u00a0<\/span><\/p>\n<p class=\"p8\"><b>TARIFAS<\/b><\/p>\n<p class=\"p5\">Emprender y Contar podr\u00e1 cobrar por sus servicios y la Persona Usuaria se compromete a pagarlos a tiempo.\u00a0Podremos modificar o eliminar las tarifas en cualquier momento con el debido preaviso. De la misma manera, podremos modificar las tarifas temporalmente por promociones en favor de las Personas Usuarias.<\/p>\n<p class=\"p5\">La Persona Usuaria autoriza a Emprender y Contar<span class=\"Apple-converted-space\">\u00a0 <\/span>a retener y\/o debitar los fondos existentes y de las cuentas bancarias que haya registrado en ella, para saldar las tarifas impagas o cualquier otra deuda que pudiera tener.<\/p>\n<p class=\"p5\">Para conocer el detalle de las tarifas de cada servicio, las Personas Usuarias deber\u00e1n consultar los t\u00e9rminos y condiciones correspondientes.<\/p>\n<p class=\"p5\">En todos los casos se emitir\u00e1 la factura de conformidad con los datos fiscales que las personas tengan cargados en su cuenta.<\/p>\n<p class=\"p6\"><b>Propiedad Intelectual<\/b><\/p>\n<p class=\"p5\">Emprender y contar<span class=\"Apple-converted-space\">\u00a0 <\/span>es propietaria de todos los derechos de propiedad intelectual sobre sus sitios, todo su contenido, servicios, productos, marcas, nombres comerciales, logos, dise\u00f1os, im\u00e1genes, frases publicitarias, derechos de autor, dominios, programas de computaci\u00f3n, c\u00f3digos, desarrollos, software, bases de datos, informaci\u00f3n, tecnolog\u00eda, patentes y modelos de utilidad, dise\u00f1os y modelos industriales, secretos comerciales, entre otros (\u201cPropiedad Intelectual\u201d) y se encuentran protegidos por leyes nacionales e internacionales.<\/p>\n<p class=\"p5\">Aunque Emprender y Contar otorga permiso para usar sus productos y servicios conforme a lo previsto en los T\u00e9rminos y Condiciones, esto no implica una autorizaci\u00f3n para usar su \u00a0Propiedad Intelectual, excepto consentimiento previo y expreso de Emprender y Contar y\/o sus sociedades vinculadas. En cualquier caso, los usuarios vendedores que usen dichos productos y servicios no podr\u00e1n utilizar la Propiedad Intelectual de E&amp;C de una manera que cause confusi\u00f3n en el p\u00fablico y deber\u00e1n llevar a cabo su actividad comercial bajo una marca o nombre comercial propio y distintivo, que no resulte confundible con la marca Emprender y Contar y su familia de marcas.<\/p>\n<p class=\"p5\">Est\u00e1 prohibido usar nuestros productos o servicios para fines ilegales, realizar cualquier tipo de ingenier\u00eda inversa u obras derivadas, utilizar herramientas de b\u00fasqueda o de extracci\u00f3n de datos y contenidos de nuestra plataforma para su reutilizaci\u00f3n y\/o crear bases de datos propias que incluyan en todo o en parte nuestro contenido sin nuestra expresa autorizaci\u00f3n.<span class=\"Apple-converted-space\">\u00a0<\/span><\/p>\n<p class=\"p5\">Est\u00e1 tambi\u00e9n prohibido el uso indebido, sin autorizaci\u00f3n y\/o contrario a la normativa vigente y\/o que genere confusi\u00f3n o implique uso denigratorio y\/o que le cause perjuicio, da\u00f1os o p\u00e9rdidas a Emprender y Contar y\/o a sus sociedades relacionadas.<span class=\"Apple-converted-space\">\u00a0<\/span><\/p>\n<p class=\"p5\">La utilizaci\u00f3n de los productos y servicios de Emprender y Contar tampoco implica la autorizaci\u00f3n para usar propiedad intelectual de terceros que pueda estar involucrada, cuyo uso quedar\u00e1 bajo exclusiva responsabilidad del usuario.<\/p>\n<p class=\"p5\">En caso que una Persona Usuaria o cualquier publicaci\u00f3n infrinja la Propiedad Intelectual de Emprender y Contar o de terceros, Emprender y Contar podr\u00e1 remover dicha publicaci\u00f3n total o parcialmente), sancionar al usuario conforme a lo previsto en estos T\u00e9rminos y Condiciones y ejercer las acciones extrajudiciales y\/o judiciales correspondientes.<\/p>\n<p>[\/vc_column_text][\/vc_column][\/vc_row]<\/p>\n<\/section>","protected":false},"excerpt":{"rendered":"<p>[vc_row][vc_column][vc_column_text] De conformidad con lo establecido en la LEY FEDERAL DE &#8230; <\/p>\n","protected":false},"author":1,"featured_media":0,"parent":0,"menu_order":0,"comment_status":"closed","ping_status":"closed","template":"","meta":{"footnotes":""},"class_list":["post-246","page","type-page","status-publish","hentry"],"aioseo_notices":[],"_links":{"self":[{"href":"http:\/\/gvi.com.mx\/2013\/wp-json\/wp\/v2\/pages\/246","targetHints":{"allow":["GET"]}}],"collection":[{"href":"http:\/\/gvi.com.mx\/2013\/wp-json\/wp\/v2\/pages"}],"about":[{"href":"http:\/\/gvi.com.mx\/2013\/wp-json\/wp\/v2\/types\/page"}],"author":[{"embeddable":true,"href":"http:\/\/gvi.com.mx\/2013\/wp-json\/wp\/v2\/users\/1"}],"replies":[{"embeddable":true,"href":"http:\/\/gvi.com.mx\/2013\/wp-json\/wp\/v2\/comments?post=246"}],"version-history":[{"count":0,"href":"http:\/\/gvi.com.mx\/2013\/wp-json\/wp\/v2\/pages\/246\/revisions"}],"wp:attachment":[{"href":"http:\/\/gvi.com.mx\/2013\/wp-json\/wp\/v2\/media?parent=246"}],"curies":[{"name":"wp","href":"https:\/\/api.w.org\/{rel}","templated":true}]}}